{"id":2431,"date":"2018-09-21T17:02:43","date_gmt":"2018-09-21T21:02:43","guid":{"rendered":"https:\/\/opanlcom-cp6.wordpresstemporal.com\/JID\/?page_id=2431"},"modified":"2022-05-06T14:39:23","modified_gmt":"2022-05-06T18:39:23","slug":"lista-de-contatos","status":"publish","type":"page","link":"https:\/\/jid.org\/pt\/lista-de-contatos\/","title":{"rendered":"Lista de contatos"},"content":{"rendered":"<style>.odd{background-color: #cedeeb; \/*#dfeffc;*\/} tr,td{vertical-align:middle !important;}<\/style>\n<div class=\"glossymenu\" style=\"font-size: 90%;\"><!-- =================Inicio Diretoria Geral ================ --><a class=\"menuitem submenuheader\" href=\"#\">Dire\u00e7\u00e3o Geral<\/a><\/p>\n<div class=\"submenu\">\n<ul>\n<li>\n<table style=\"height: 100px;\" width=\"1500\">\n<tbody>\n<tr class=\"odd\">\n<td><strong>Setor<\/strong><\/td>\n<td><strong>N\u00e3o me<\/strong><\/td>\n<td><strong>Pa\u00eds<\/strong><\/td>\n<td><strong>E-mail<\/strong><\/td>\n<td><strong>Telefone<\/strong><\/td>\n<td><strong>Filial<\/strong><\/td>\n<\/tr>\n<tr>\n<td>Diretor geral<\/td>\n<td>(Brigadeiro General) \u2013 Porf\u00edrio Fuentes<\/td>\n<td>M\u00e9xico<\/td>\n<td><a href=\"mailto:fuentesV@opanlcom-cp6.wordpresstemporal.com\">fontesV@opanlcom-cp6.wordpresstemporal.com<\/a><\/td>\n<td>(202) 939-7569<\/td>\n<td>510<\/td>\n<\/tr>\n<tr>\n<td>Orientador<\/td>\n<td>(Grupo Geral) \u2013 Ruben Montesinos Torres<\/td>\n<td>M\u00e9xico<\/td>\n<td><a href=\"mailto:montesinosR@opanlcom-cp6.wordpresstemporal.com\">montesinosR@opanlcom-cp6.wordpresstemporal.com<\/a><\/td>\n<td>(202) 939-7570<\/td>\n<td>538<\/td>\n<\/tr>\n<tr>\n<td>Chefe de Gabinete<\/td>\n<td>(Coronel) \u2013 Marcelino Gonzalez<\/td>\n<td>M\u00e9xico<\/td>\n<td><a href=\"mailto:gonzalezM@opanlcom-cp6.wordpresstemporal.com\">gonzalezM@opanlcom-cp6.wordpresstemporal.com<\/a><\/td>\n<td>(202) 939-7570<\/td>\n<td>538<\/td>\n<\/tr>\n<tr>\n<td>Assistente executivo<\/td>\n<td>(1\u00ba Sargento) \u2013 Juan Carlos Wences<\/td>\n<td>M\u00e9xico<\/td>\n<td><a href=\"mailto:wencesG@opanlcom-cp6.wordpresstemporal.com\">wencesG@opanlcom-cp6.wordpresstemporal.com<\/a><\/td>\n<td>(202) 939-7570<\/td>\n<td>538<\/td>\n<\/tr>\n<tr class=\"odd\">\n<td><\/td>\n<td><\/td>\n<td><\/td>\n<td><\/td>\n<td><\/td>\n<\/tr>\n<\/tbody>\n<\/table>\n<\/li>\n<\/ul>\n<\/div>\n<p><!-- =================Inicio Presidencia ================ --><a class=\"menuitem submenuheader\" href=\"#\">Presid\u00eancia<\/a><\/p>\n<div class=\"submenu\">\n<ul>\n<li>\n<table style=\"height: 200px;\" width=\"1234\">\n<tbody>\n<tr class=\"odd\">\n<td><strong>Setor<\/strong><\/td>\n<td><strong>N\u00e3o me<\/strong><\/td>\n<td><strong>Pa\u00eds<\/strong><\/td>\n<td><strong>E-mail<\/strong><\/td>\n<td><strong>Telefone<\/strong><\/td>\n<td><strong>Filial<\/strong><\/td>\n<\/tr>\n<tr>\n<td>Presidente<\/td>\n<td>(Vice-Almirante) \u2013 Alexandre Rabello<\/td>\n<td>Brasil<\/td>\n<td><a href=\"mailto:rabello@opanlcom-cp6.wordpresstemporal.com\">rabello@opanlcom-cp6.wordpresstemporal.com<\/a><\/td>\n<td>(202) 939-6040<\/td>\n<td>517<\/td>\n<\/tr>\n<tr>\n<td>Auxiliar Administrativo<\/td>\n<td>(Cmte.) J\u00falio Melo<\/td>\n<td>Brasil<\/td>\n<td><a href=\"mailto:julioM@opanlcom-cp6.wordpresstemporal.com\">JulhoM@opanlcom-cp6.wordpresstemporal.com<\/a><\/td>\n<td>(202) 939-6041<\/td>\n<td>543<\/td>\n<\/tr>\n<tr>\n<td>Assistente de pedidos<\/td>\n<td>(SO)Hadson Soares<\/td>\n<td>Brasil<\/td>\n<td><a href=\"mailto:hadsonS@opanlcom-cp6.wordpresstemporal.com\">hadsonS@opanlcom-cp6.wordpresstemporal.com<\/a><\/td>\n<td>(202) 939-6041<\/td>\n<td>543<\/td>\n<\/tr>\n<tr>\n<td>Orientador<\/td>\n<td>(Contra o Almirante) - Oscar Dominguez<\/td>\n<td>M\u00e9xico<\/td>\n<td><a href=\"mailto:dominguezO@opanlcom-cp6.wordpresstemporal.com\">dominguezO@opanlcom-cp6.wordpresstemporal.com<\/a><\/td>\n<td>(202) 996-8955<\/td>\n<td>526<\/td>\n<\/tr>\n<tr>\n<td rowspan=\"3\">Gabinete<\/td>\n<td>(CMG) \u2013 Marcus Vin\u00edcius<\/td>\n<td>Brasil<\/td>\n<td><a href=\"mailto:viniciusM@opanlcom-cp6.wordpresstemporal.com@opanlcom-cp6.wordpresstemporal.com\">viniciusM@opanlcom-cp6.wordpresstemporal.com<\/a><\/td>\n<td>(202) 996-8955<\/td>\n<td>526<\/td>\n<\/tr>\n<\/tbody>\n<\/table>\n<\/li>\n<\/ul>\n<\/div>\n<p><!-- =================Inicio Vicepresidencia ================ --><a class=\"menuitem submenuheader\" href=\"#\">Vice-Presid\u00eancia<\/a><\/p>\n<div class=\"submenu\">\n<ul>\n<li>\n<table style=\"height: 116px;\" width=\"1112\">\n<tbody>\n<tr class=\"odd\">\n<td><strong>Setor<\/strong><\/td>\n<td><strong>N\u00e3o me<\/strong><\/td>\n<td><strong>Pa\u00eds<\/strong><\/td>\n<td><strong>E-mail<\/strong><\/td>\n<td><strong>Telefone<\/strong><\/td>\n<td><strong>Filial<\/strong><\/td>\n<\/tr>\n<tr>\n<td>Vice-Presidente<\/td>\n<td>(Geral) \u2013 Nery Torres Laconich<\/td>\n<td>Paraguai<\/td>\n<td><a href=\"mailto:GonzalezP@opanlcom-cp6.wordpresstemporal.com\">laconichT@opanlcom-cp6.wordpresstemporal.com<\/a><\/td>\n<td>(202) 939-7565<\/td>\n<td>522<\/td>\n<\/tr>\n<tr class=\"odd\">\n<td>Gabinete<\/td>\n<td>(Coronel) \u2013 Perez Gonzalez<\/td>\n<td>Representante dominicano<\/td>\n<td><a href=\"mailto:ruiz.moncada@opanlcom-cp6.wordpresstemporal.com\">perez.gonzales@opanlcom-cp6.wordpresstemporal.com<\/a><\/td>\n<td>(202) 939-7565<\/td>\n<td>522<\/td>\n<\/tr>\n<tr class=\"odd\">\n<td>Gabinete<\/td>\n<td>(Sra.) \u2013 Marilyn Rejala<\/td>\n<td>Paraguai<\/td>\n<td><a href=\"mailto:marilyn.rejala@opanlcom-cp6.wordpresstemporal.com\">marilyn.rejala@opanlcom-cp6.wordpresstemporal.com<\/a><\/td>\n<td>(202) 939-7565<\/td>\n<td>522<\/td>\n<\/tr>\n<tr class=\"odd\">\n<td>(Pregui\u00e7oso) -<\/td>\n<td>Pregui\u00e7oso<\/td>\n<td><a href=\"mailto:-@opanlcom-cp6.wordpresstemporal.com\">pregui\u00e7oso<\/a><\/td>\n<td>(202) 939-7565<\/td>\n<td>522<\/td>\n<\/tr>\n<\/tbody>\n<\/table>\n<\/li>\n<\/ul>\n<\/div>\n<p><!-- =================Inicio SACS ================ --><a class=\"menuitem submenuheader\" href=\"#\">SACS<\/a><\/p>\n<div class=\"submenu\">\n<ul>\n<li>ARMANDO EMMANUEL CRUZ VARGAS<br \/>\n<table>\n<tbody>\n<tr class=\"odd\">\n<td><strong>Setor<\/strong><\/td>\n<td><strong>N\u00e3o me<\/strong><\/td>\n<td><strong>Pa\u00eds<\/strong><\/td>\n<td><strong>E-mail<\/strong><\/td>\n<td><strong>Telefone<\/strong><\/td>\n<td><strong>Filial<\/strong><\/td>\n<\/tr>\n<tr>\n<td>Vice-diretor<\/td>\n<td>(Cel.) \u2013Washington de Souza<\/td>\n<td>Brasil<\/td>\n<td><a href=\"mailto:washingtonS@opanlcom-cp6.wordpresstemporal.com@opanlcom-cp6.wordpresstemporal.com\">washingtonS@opanlcom-cp6.wordpresstemporal.com<\/a><\/td>\n<td>(202) 939-7564<\/td>\n<td>534<\/td>\n<\/tr>\n<tr class=\"odd\">\n<td>Vice-Subdiretor<\/td>\n<td>(Coronel) \u2013 Jean Ricardo de Holland Torres<\/td>\n<td>Brasil<\/td>\n<td><a href=\"mailto:torresJ@opanlcom-cp6.wordpresstemporal.com\">torresJ@opanlcom-cp6.wordpresstemporal.com<\/a><\/td>\n<td>(202) 939-7564<\/td>\n<td>534<\/td>\n<\/tr>\n<tr class=\"odd\">\n<td>Consultor de Arquivo<\/td>\n<td>(Subtenente) \u2013 Linacre Amorim<\/td>\n<td>Brasil<\/td>\n<td><a href=\"mailto:linacreA@opanlcom-cp6.wordpresstemporal.com\">linacreA@opanlcom-cp6.wordpresstemporal.com <\/a><\/td>\n<td>(202) 996-8884<\/td>\n<td>519<\/td>\n<\/tr>\n<tr class=\"odd\">\n<td>Secret\u00e1ria de Comunica\u00e7\u00e3o<\/td>\n<td>(Subtenente) \u2013 Linacre Amorim<\/td>\n<td>Brasil<\/td>\n<td><a href=\"mailto:jid@opanlcom-cp6.wordpresstemporal.com\">jid@opanlcom-cp6.wordpresstemporal.com <\/a><\/td>\n<td>(202) 996-8884<\/td>\n<td>519<\/td>\n<\/tr>\n<tr>\n<td rowspan=\"2\">Divis\u00e3o de Pessoal<\/td>\n<td>(Cmte) Alem\u00e3o Delgado<\/td>\n<td>Peru<\/td>\n<td><a href=\"mailto:delgadoG@opanlcom-cp6.wordpresstemporal.com\">thinG@opanlcom-cp6.wordpresstemporal.com<\/a><\/td>\n<td>(202) 996-8954<\/td>\n<td>505<\/td>\n<\/tr>\n<tr>\n<td>(Suboficial) \u2013 Jos\u00e9 J\u00fanior<\/td>\n<td>Brasil<\/td>\n<td><a href=\"mailto:juniorJ@opanlcom-cp6.wordpresstemporal.com\">juniorJ@opanlcom-cp6.wordpresstemporal.com<\/a><\/td>\n<td>(202) 996-8954<\/td>\n<td>505<\/td>\n<\/tr>\n<tr class=\"odd\">\n<td rowspan=\"4\">Divis\u00e3o de Log\u00edstica<\/td>\n<td>(Cmte.) Ricardo Li<\/td>\n<td>Peru<\/td>\n<td><a href=\"mailto:liR@opanlcom-cp6.wordpresstemporal.com\">Lir@opanlcom-cp6.wordpresstemporal.com<\/a><\/td>\n<td>(202) 996 8974<\/td>\n<td>542<\/td>\n<\/tr>\n<tr class=\"odd\">\n<td>(SM) \u2013 Paulino de Nola Paredes Cueva<\/td>\n<td>Peru<\/td>\n<td><a href=\"mailto:paredesP@opanlcom-cp6.wordpresstemporal.com\">paredesP@opanlcom-cp6.wordpresstemporal.com<\/a><\/td>\n<td>(202) 996-8970<\/td>\n<td>514<\/td>\n<\/tr>\n<tr>\n<td rowspan=\"3\">Divis\u00e3o financeira<\/td>\n<td>(Tenete Coronel) \u2013 Alan Almeida Ramalho Barbosa<\/td>\n<td>Brasil<\/td>\n<td><a href=\"mailto:ramalhoB@opanlcom-cp6.wordpresstemporal.com\">ramalhoB@opanlcom-cp6.wordpresstemporal.com<\/a><\/td>\n<td>(202) 939 7496<\/td>\n<td>539<\/td>\n<\/tr>\n<tr>\n<td rowspan=\"3\">Divis\u00e3o financeira<\/td>\n<td>(Segundo Capit\u00e3o) - Armando Emmanuel Cruz Vargas<\/td>\n<td>M\u00e9xico<\/td>\n<td><a href=\"mailto:cruzV@opanlcom-cp6.wordpresstemporal.com\">cruzV@opanlcom-cp6.wordpresstemporal.com<\/a><\/td>\n<td>(202) 939 7496<\/td>\n<td>539<\/td>\n<\/tr>\n<tr>\n<td>(Sr.) - Oscar Gomez<\/td>\n<td>USOS<\/td>\n<td><a href=\"mailto:gomezo@opanlcom-cp6.wordpresstemporal.com\">gomezo@opanlcom-cp6.wordpresstemporal.com<\/a><\/td>\n<td>(202) 939 7496<\/td>\n<td>539<\/td>\n<\/tr>\n<tr>\n<td>(Sr.) \u2013 Jo\u00e3o de Lima<\/td>\n<td>Brasil<\/td>\n<td><a href=\"mailto:de.lima@opanlcom-cp6.wordpresstemporal.com\">de.lima@opanlcom-cp6.wordpresstemporal.com<\/a><\/td>\n<td>(202) 939 7570\/td&gt;<\/td>\n<td>509<\/td>\n<\/tr>\n<tr class=\"odd\">\n<td rowspan=\"3\">Divis\u00e3o de TI<\/td>\n<td>(Capit\u00e3o Primeiro) \u2013 Jos\u00e9 Luiz Revilla Manzur<\/td>\n<td>M\u00e9xico<\/td>\n<td><a href=\"mailto:revillaJ@opanlcom-cp6.wordpresstemporal.com\">revillaJ@opanlcom-cp6.wordpresstemporal.com<\/a><\/td>\n<td>(202) 939 6047<\/td>\n<td>503<\/td>\n<\/tr>\n<tr class=\"odd\">\n<td>(Suboficial) Francinea Ferreira<\/td>\n<td>Brasil<\/td>\n<td><a href=\"mailto:francineaF@opanlcom-cp6.wordpresstemporal.com\">francineaF@opanlcom-cp6.wordpresstemporal.com<\/a><\/td>\n<td>(202) 939 6047<\/td>\n<td>503<\/td>\n<\/tr>\n<tr class=\"odd\">\n<td>(Pregui\u00e7oso)<\/td>\n<td>Pregui\u00e7oso<\/td>\n<td><a href=\"mailto:suporte@opanlcom-cp6.wordpresstemporal.com\">Pregui\u00e7oso<\/a><\/td>\n<td>(202) 939 6047<\/td>\n<td>503<\/td>\n<\/tr>\n<tr>\n<td rowspan=\"2\">Divis\u00e3o de Comunica\u00e7\u00e3o Institucional<\/td>\n<td>(Cel.) \u2013 Jorge Acevedo<\/td>\n<td>M\u00e9xico<\/td>\n<td><a href=\"mailto:acevedoJ@opanlcom-cp6.wordpresstemporal.com\">acevedoJ@opanlcom-cp6.wordpresstemporal.com<\/a><\/td>\n<td>(202) 996-8950<\/td>\n<td>506<\/td>\n<\/tr>\n<tr>\n<td>(SM) \u2013 Hern\u00e1ndez Luis<\/td>\n<td>Col\u00f4mbia<\/td>\n<td><a href=\"mailto:hernandezL@opanlcom-cp6.wordpresstemporal.com\">(hernandezL@opanlcom-cp6.wordpresstemporal.com)<\/a><\/td>\n<td>(202) 996-8950<\/td>\n<td>506<\/td>\n<\/tr>\n<tr class=\"odd\">\n<td rowspan=\"6\">Divis\u00e3o de Confer\u00eancia<\/td>\n<td>(Coronel) - Perez Gregorio<\/td>\n<td>M\u00e9xico<\/td>\n<td><a href=\"mailto:perez.gregorio@opanlcom-cp6.wordpresstemporal.com\">perez.gregorio@opanlcom-cp6.wordpresstemporal.com<\/a><\/td>\n<td>(202) 996-8883<\/td>\n<td>215<\/td>\n<\/tr>\n<tr class=\"odd\">\n<td>(Cmte.) \u2013 Alexa Pereyra<\/td>\n<td>Peru<\/td>\n<td><a href=\"mailto:pereyraA@opanlcom-cp6.wordpresstemporal.com\">pereyraA@opanlcom-cp6.wordpresstemporal.com protocol@opanlcom-cp6.wordpresstemporal.com<\/a><\/td>\n<td>(202) 996-8989<\/td>\n<td>525<\/td>\n<\/tr>\n<tr class=\"odd\">\n<td>(Tenente Coronel) \u2013 Lourival<\/td>\n<td>Brasil<\/td>\n<td><a href=\"mailto:lourivalS@opanlcom-cp6.wordpresstemporal.com\">lourivalS@opanlcom-cp6.wordpresstemporal.com<\/a><\/td>\n<td>(202) 996-8989<\/td>\n<td>525<\/td>\n<\/tr>\n<tr class=\"odd\">\n<td>(Tenente Coronel) \u2013 Vivian<\/td>\n<td>Brasil<\/td>\n<td><a href=\"mailto:vivianS@opanlcom-cp6.wordpresstemporal.com\">vivianS@opanlcom-cp6.wordpresstemporal.com<\/a><\/td>\n<td>(202) 996-8989<\/td>\n<td>525<\/td>\n<\/tr>\n<tr class=\"odd\">\n<td>(Tec1) \u2013 Issak Sangay<\/td>\n<td>Brasil<\/td>\n<td><a href=\"mailto:sangay@opanlcom-cp6.wordpresstemporal.com\">sangay@opanlcom-cp6.wordpresstemporal.com<\/a><\/td>\n<td>(202) 996-8989<\/td>\n<td>525<\/td>\n<\/tr>\n<tr>\n<td>Divis\u00e3o de Apoio ao Conselho<\/td>\n<td>(CMG) Helen Huambo<\/td>\n<td>Peru<\/td>\n<td><a href=\"mailto:huamboH@opanlcom-cp6.wordpresstemporal.com\">huamboH@opanlcom-cp6.wordpresstemporal.com<\/a><\/td>\n<td>(202) 996-8989<\/td>\n<td>525<\/td>\n<\/tr>\n<\/tbody>\n<\/table>\n<\/li>\n<\/ul>\n<\/div>\n<p><!-- ================== SSAS ==================== --><a class=\"menuitem submenuheader\" href=\"#\">SSAS<\/a><\/p>\n<div class=\"submenu\">\n<ul>\n<li>\n<table>\n<tbody>\n<tr class=\"odd\">\n<td><strong>Setor<\/strong><\/td>\n<td><strong>N\u00e3o me<\/strong><\/td>\n<td><strong>Pa\u00eds<\/strong><\/td>\n<td><strong>E-mail<\/strong><\/td>\n<td><strong>Telefone<\/strong><\/td>\n<td><strong>Filial<\/strong><\/td>\n<\/tr>\n<tr>\n<td>Diretor \u2013 SAS<\/td>\n<td>(Coronel) - Matthew Heim<\/td>\n<td>USOS<\/td>\n<td><a href=\"mailto:heimM@opanlcom-cp6.wordpresstemporal.com\">heimM@opanlcom-cp6.wordpresstemporal.com<\/a><\/td>\n<td>(202) 939 7561<\/td>\n<td>507<\/td>\n<\/tr>\n<tr class=\"odd\">\n<td>Vice-Diretor \u2013 SAS<\/td>\n<td>(Coronel) \u2013 Rub\u00e9n Montesinos<\/td>\n<td>M\u00e9xico<\/td>\n<td><a href=\"mailto:montesinosR@opanlcom-cp6.wordpresstemporal.com\">montesinosR@opanlcom-cp6.wordpresstemporal.com<\/a><\/td>\n<td>(202) 939 7559<\/td>\n<td>504<\/td>\n<\/tr>\n<tr>\n<td>secret\u00e1rio<\/td>\n<td>(Suboficial) - Alex Vega<\/td>\n<td>Chile<\/td>\n<td><a href=\"mailto:vegaa@opanlcom-cp6.wordpresstemporal.com\">vegaa@opanlcom-cp6.wordpresstemporal.com<\/a><\/td>\n<td>(202) 939 7559<\/td>\n<td>504<\/td>\n<\/tr>\n<tr class=\"odd\">\n<td>Arquivo T\u00e9cnico JID<\/td>\n<td>(1\u00ba Sargento) \u2013 Jorge Nava<\/td>\n<td>M\u00e9xico<\/td>\n<td><a href=\"mailto:vegaa@opanlcom-cp6.wordpresstemporal.com\">jorge.nava@opanlcom-cp6.wordpresstemporal.com<\/a><\/td>\n<td>(202) 939 7559<\/td>\n<td>504<\/td>\n<\/tr>\n<tr>\n<td>Liga\u00e7\u00e3o Oficial \u2013 OAS-JID<\/td>\n<td>(Coronel) - Oscar L\u00f3pez<\/td>\n<td>Col\u00f4mbia<\/td>\n<td><a href=\"mailto:louzeiro.gerson@opanlcom-cp6.wordpresstemporal.com\">oea.enlace@opanlcom-cp6.wordpresstemporal.com<\/a><\/td>\n<td>(202) 939 7559<\/td>\n<td>504<\/td>\n<\/tr>\n<tr class=\"odd\">\n<td rowspan=\"3\">Divis\u00e3o de Planejamento<\/td>\n<td>(Coronel) -D\u00edaz Velasco<\/td>\n<td>M\u00e9xico<\/td>\n<td><a href=\"mailto:diazV@opanlcom-cp6.wordpresstemporal.com\">diazV@opanlcom-cp6.wordpresstemporal.com<\/a><\/td>\n<td>(202) 996-8932<\/td>\n<td>512<\/td>\n<\/tr>\n<tr class=\"odd\">\n<td>(Coronel) \u2013 Vera<\/td>\n<td>Peru<\/td>\n<td><a href=\"mailto:verar@opanlcom-cp6.wordpresstemporal.com\">verar@opanlcom-cp6.wordpresstemporal.com<\/a><\/td>\n<td>(202) 996-8932<\/td>\n<td>512<\/td>\n<\/tr>\n<tr class=\"odd\">\n<td>(Coronel)<\/td>\n<td>Pregui\u00e7oso<\/td>\n<td><a href=\"mailto:vacante@opanlcom-cp6.wordpresstemporal.com\">Pregui\u00e7oso<\/a><\/td>\n<td>(202) 996-8907<\/td>\n<td>508<\/td>\n<\/tr>\n<tr>\n<td rowspan=\"4\">Divis\u00e3o de Servi\u00e7os T\u00e9cnicos<\/td>\n<td>(CMG)-Espozel H<\/td>\n<td>Brasil<\/td>\n<td><a href=\"mailto:espozelH@opanlcom-cp6.wordpresstemporal.com\">espozelH@opanlcom-cp6.wordpresstemporal.com<\/a><\/td>\n<td>(202) 996-8932<\/td>\n<td>512<\/td>\n<\/tr>\n<tr>\n<td>(Coronel) -Goyanna C.<\/td>\n<td>Brasil<\/td>\n<td><a href=\"mailto:goyannac@opanlcom-cp6.wordpresstemporal.com\">goyannac@opanlcom-cp6.wordpresstemporal.com<\/a><\/td>\n<td>(202) 996-8886<\/td>\n<td>521<\/td>\n<\/tr>\n<tr>\n<td>(Coronel) - John Ruiz<\/td>\n<td>Col\u00f4mbia<\/td>\n<td><a href=\"mailto:ruizJ@opanlcom-cp6.wordpresstemporal.com\">ruizJ@opanlcom-cp6.wordpresstemporal.com<\/a><\/td>\n<td>(202) 996-8886<\/td>\n<td>521<\/td>\n<\/tr>\n<tr>\n<td>(Coronel)<\/td>\n<td>Pregui\u00e7oso<\/td>\n<td><a href=\"mailto:vacante@opanlcom-cp6.wordpresstemporal.com\">Pregui\u00e7oso<\/a><\/td>\n<td>(202) 996-8886<\/td>\n<td>532<\/td>\n<\/tr>\n<tr class=\"odd\">\n<td rowspan=\"5\">Divis\u00e3o de An\u00e1lise e Gest\u00e3o da Informa\u00e7\u00e3o \u2013 DAMI<\/td>\n<td>(Coronel) \u2013 Mangrich L.<\/td>\n<td>Brasil<\/td>\n<td><a href=\"mailto:mangrichl@opanlcom-cp6.wordpresstemporal.com\">mangrihl@opanlcom-cp6.wordpresstemporal.com<\/a><\/td>\n<td>(202) 996-8907<\/td>\n<td>508<\/td>\n<\/tr>\n<tr class=\"odd\">\n<td>(Coronel) \u2013 Javier Quiros<\/td>\n<td>Col\u00f4mbia<\/td>\n<td><a href=\"mailto:quirosJ.torres@opanlcom-cp6.wordpresstemporal.com\">quirosJ@opanlcom-cp6.wordpresstemporal.com<\/a><\/td>\n<td>(202) 996-8907<\/td>\n<td>508<\/td>\n<\/tr>\n<tr class=\"odd\">\n<td>(Coronel) Edgar Herrera<\/td>\n<td>Col\u00f4mbia<\/td>\n<td><a href=\"mailto:herreraE@opanlcom-cp6.wordpresstemporal.com\">herreraE@opanlcom-cp6.wordpresstemporal.com<\/a><\/td>\n<td>(202) 996-8907<\/td>\n<td>508<\/td>\n<\/tr>\n<tr class=\"odd\">\n<td>(Coronel) Raul Devoto<\/td>\n<td>Peru<\/td>\n<td><a href=\"\/pt\/raul.devoto@opanlcom-cp6.wordpresstemporal.com\/\">raul.devoto@opanlcom-cp6.wordpresstemporal.com<\/a><\/td>\n<td>(202) 996-8932<\/td>\n<td>512<\/td>\n<\/tr>\n<tr class=\"odd\">\n<td>(Coronel)<\/td>\n<td>Pregui\u00e7oso<\/td>\n<td><a href=\"mailto:vacante@opanlcom-cp6.wordpresstemporal.com\">Pregui\u00e7oso<\/a><\/td>\n<td>(202) 996-8907<\/td>\n<td>508<\/td>\n<\/tr>\n<tr>\n<td rowspan=\"5\">Divis\u00e3o de Coopera\u00e7\u00e3o Hemisf\u00e9rica \u2013 DCH<\/td>\n<td>(Coronel) \u2013 Guillermo Santolalla<\/td>\n<td>Peru<\/td>\n<td><a href=\"mailto:santolalla.guillermo@opanlcom-cp6.wordpresstemporal.com\">santolalla.guillermo@opanlcom-cp6.wordpresstemporal.com<\/a><\/td>\n<td>(202) 996-8905<\/td>\n<td>502<\/td>\n<\/tr>\n<tr>\n<td>(Coronel) \u2013 Ara\u00fajo W.<\/td>\n<td>Brasil<\/td>\n<td><a href=\"mailto:araujow@opanlcom-cp6.wordpresstemporal.com\">araujow@opanlcom-cp6.wordpresstemporal.com<\/a><\/td>\n<td>(202) 996-8905<\/td>\n<td>502<\/td>\n<\/tr>\n<tr>\n<td>(Coronel) \u2013 Oscar Javier<\/td>\n<td>Col\u00f4mbia<\/td>\n<td><a href=\"mailto:lopez.javier@opanlcom-cp6.wordpresstemporal.com\">lopez.javier@opanlcom-cp6.wordpresstemporal.com<\/a><\/td>\n<td>(202) 996-8905<\/td>\n<td>502<\/td>\n<\/tr>\n<tr>\n<td>(Coronel) David Pabon<\/td>\n<td>Col\u00f4mbia<\/td>\n<td><a href=\"mailto:pabonD@opanlcom-cp6.wordpresstemporal.com\">pabonD@opanlcom-cp6.wordpresstemporal.com<\/a><\/td>\n<td>(202) 996-8905<\/td>\n<td>502<\/td>\n<\/tr>\n<tr>\n<td>(Coronel) \u2013 J\u00falio Mori<\/td>\n<td>Peru<\/td>\n<td><a href=\"mailto:julio.mori@opanlcom-cp6.wordpresstemporal.com\">julio.mori@opanlcom-cp6.wordpresstemporal.com<\/a><\/td>\n<td>(202) 939 7559<\/td>\n<td>504<\/td>\n<\/tr>\n<\/tbody>\n<\/table>\n<\/li>\n<\/ul>\n<\/div>\n<\/div>\n<p><script type=\"text\/javascript\" src=\".\/wp-includes\/js\/pgdoc\/jquery.min.js\"><\/script><br \/>\n<script type=\"text\/javascript\" src=\".\/wp-includes\/js\/pgdoc\/ddaccordion.js\"><\/script><br \/>\n<script type=\"text\/javascript\" src=\".\/wp-includes\/js\/pgdoc\/ddaccordion.init.js\"><\/script><\/p>","protected":false},"excerpt":{"rendered":"<p>Dire\u00e7\u00e3o Geral Setor Nome Pa\u00eds E-mail Telefone Ramo Diretor Geral (Brigada Geral) \u2013 Porf\u00edrio Fuentes M\u00e9xico fontesV@opanlcom-cp6.wordpresstemporal.com (202) 939-7569 510 Assessor (Grupo Geral) \u2013 Ruben Montesinos Torres M\u00e9xico montesinosR@ opanlcom- cp6.wordpresstemporal.com (202) 939-7570 538 Chefe de Gabinete (Coronel) \u2013 Marcelino Gonzalez M\u00e9xico gonzalezM@opanlcom-cp6.wordpresstemporal.com (202) 939-7570 538 Assistente Executivo ( [\u2026]<\/p>","protected":false},"author":28,"featured_media":0,"parent":0,"menu_order":0,"comment_status":"closed","ping_status":"closed","template":"","meta":{"footnotes":""},"class_list":["post-2431","page","type-page","status-publish","hentry"],"_links":{"self":[{"href":"https:\/\/jid.org\/pt\/wp-json\/wp\/v2\/pages\/2431","targetHints":{"allow":["GET"]}}],"collection":[{"href":"https:\/\/jid.org\/pt\/wp-json\/wp\/v2\/pages"}],"about":[{"href":"https:\/\/jid.org\/pt\/wp-json\/wp\/v2\/types\/page"}],"author":[{"embeddable":true,"href":"https:\/\/jid.org\/pt\/wp-json\/wp\/v2\/users\/28"}],"replies":[{"embeddable":true,"href":"https:\/\/jid.org\/pt\/wp-json\/wp\/v2\/comments?post=2431"}],"version-history":[{"count":0,"href":"https:\/\/jid.org\/pt\/wp-json\/wp\/v2\/pages\/2431\/revisions"}],"wp:attachment":[{"href":"https:\/\/jid.org\/pt\/wp-json\/wp\/v2\/media?parent=2431"}],"curies":[{"name":"wp","href":"https:\/\/api.w.org\/{rel}","templated":true}]}}