{"id":2466,"date":"2018-09-21T18:04:12","date_gmt":"2018-09-21T22:04:12","guid":{"rendered":"https:\/\/opanlcom-cp6.wordpresstemporal.com\/JID\/?page_id=2466"},"modified":"2023-05-10T10:31:10","modified_gmt":"2023-05-10T14:31:10","slug":"resolucoes","status":"publish","type":"page","link":"https:\/\/jid.org\/pt\/resolucoes\/","title":{"rendered":"Resolu\u00e7\u00f5es"},"content":{"rendered":"<p><p>2023<\/p>\n<ul>\n<li><a href=\"https:\/\/drive.google.com\/file\/d\/1-KnPyLq-d6tdWmuBqC024UaFW_MQMj6S\/view?usp=share_link\" target=\"_blank\" rel=\"noopener noreferrer nofollow\">Resolu\u00e7\u00e3o 253-2023 (Medalha da Junta Interamericana de Defesa \u00e0 Sra. Karen Vargas Cifuentes, Chefe da Unidade de Opera\u00e7\u00f5es Integradas do Programa de A\u00e7\u00e3o Integral contra Minas Antipessoal)<\/a><\/li>\n\n<li><a href=\"https:\/\/drive.google.com\/file\/d\/1EOen_Hwa-Qp40x4M1IyY3G5nNH6swlH4\/view?usp=share_link\" target=\"_blank\" rel=\"noopener noreferrer nofollow\">Resolu\u00e7\u00e3o 252-2023 (Aprova\u00e7\u00e3o da Recomenda\u00e7\u00e3o para a Atualiza\u00e7\u00e3o do Estatuto da Junta Interamericana de Defesa sobre Credenciamento de Observadores Permanentes)<\/a><\/li>\n\n<li><a href=\"https:\/\/drive.google.com\/file\/d\/1ITRmcY9CiLfmGGZEYVT81y1j6-T1CDQo\/view?usp=share_link\" target=\"_blank\" rel=\"noopener noreferrer nofollow\">Resolu\u00e7\u00e3o 250-2023 (Aprova\u00e7\u00e3o do Plano Anual de Trabalho da Presid\u00eancia do Conselho de Delegados da JID, da Secretaria da JID e do Col\u00e9gio Interamericano de Defesa (CID) para o ano 2023)<\/a><\/li>\n\n<li><a href=\"https:\/\/drive.google.com\/file\/d\/19gQZOkP8G3PaV9w4qQf3_Kigb4w25c41\/view?usp=share_link\" target=\"_blank\" rel=\"noopener noreferrer nofollow\">Resolu\u00e7\u00e3o 249-2023 (Aprova\u00e7\u00e3o do Presidente do Conselho de Delegados e demais Cargos de Lideran\u00e7a da JID)<\/a><\/li>\n<\/ul>\n<p><\/p>\n\n<p><p>2022<\/p>\n<\/ul>\n<p><\/p>\n<ul>\n<li><a href=\"https:\/\/drive.google.com\/file\/d\/1KZ6H4-8a49eYNaFXXirYqWfJa1zKziCm\/view?usp=share_link\" target=\"_blank\" rel=\"noopener noreferrer nofollow\">Resolu\u00e7\u00e3o 248-2022 (Aprova\u00e7\u00e3o do Plano Anual de Trabalho da Presid\u00eancia do Conselho de Delegados da JID, da Secretaria da JID e do Col\u00e9gio Interamericano de Defesa (CID) para o ano 2023)<\/a><\/li>\n\n<li><a href=\"https:\/\/drive.google.com\/file\/d\/1z3BY8_VGczJHo93LZol7R2SywOer0xUB\/view?usp=share_link\" target=\"_blank\" rel=\"noopener noreferrer nofollow\">Resolu\u00e7\u00e3o 247-2022 (Aprova\u00e7\u00e3o do Presidente do Conselho de Delegados e demais Cargos de Lideran\u00e7a da JID)<\/a><\/li>\n\n<li><a href=\"https:\/\/drive.google.com\/file\/d\/1toVUxSw_GPPfc78-FtcwK0RGCmjM_XDU\/view?usp=share_link\" target=\"_blank\" rel=\"noopener noreferrer nofollow\">Resolu\u00e7\u00e3o 246-2022 (Aprova\u00e7\u00e3o de 1\/12 (dois anos) da outorga da Junta Interamericana de Defesa a partir de janeiro de 2023)<\/a><\/li>\n\n<li><a href=\"https:\/\/drive.google.com\/file\/d\/1s_oE6M3zv1GMPQnsJa7PKNwNAUJJk4JE\/view?usp=share_link\" target=\"_blank\" rel=\"noopener noreferrer nofollow\">Resolu\u00e7\u00e3o 245-2022 (Aprova\u00e7\u00e3o do Calend\u00e1rio de Reuni\u00f5es Informais e Ordin\u00e1rias do Conselho de Delegados da Junta Interamericana de Defesa para o ano de 2023)<\/a><\/li>\n\n<li><a href=\"https:\/\/drive.google.com\/file\/d\/1vHPDOnJS4HZygkoFpQu4N0eWQce3_MYc\/view?usp=share_link\" target=\"_blank\" rel=\"noopener noreferrer nofollow\">Resolu\u00e7\u00e3o 244-2022 (Aprova\u00e7\u00e3o do Calend\u00e1rio Eleitoral Bienal 2023 \u2013 2024)<\/a><\/li>\n\n<li><a href=\"https:\/\/drive.google.com\/file\/d\/19IdWaYfzGkM6W5Sgz8KDFQcLQ2A292ZC\/view?usp=share_link\" target=\"_blank\" rel=\"noopener noreferrer nofollow\">Resolu\u00e7\u00e3o 243-2022 (Vota\u00e7\u00e3o pela Prorroga\u00e7\u00e3o do Prazo de Apresenta\u00e7\u00e3o de Candidaturas)<\/a><\/li>\n<li><a href=\"https:\/\/drive.google.com\/file\/d\/1fRLJEewB8KENqEODj6iLRuvpaE6a9AWO\/view?usp=sharing\" target=\"_blank\" rel=\"noopener noreferrer nofollow\">Resolu\u00e7\u00e3o 242-2022 (Vota\u00e7\u00e3o da Proposta de Prorroga\u00e7\u00e3o do Mandato do Diretor do Col\u00e9gio Interamericano de Defesa)<\/a><\/li>\n<li><a href=\"https:\/\/drive.google.com\/file\/d\/10dUfBcaAWpZUoG3CgHYLwTKUduTT0XxP\/view?usp=sharing\" target=\"_blank\" rel=\"noopener noreferrer nofollow\">Resolu\u00e7\u00e3o 241-2022 (Elei\u00e7\u00e3o do Diretor da Subsecretaria de Servi\u00e7os e Assessoramento)<\/a><\/li>\n<li><a href=\"https:\/\/drive.google.com\/file\/d\/1q_5Iw3r5HpOq1e5EFAeSmGELvlpgopiR\/view?usp=sharing\" target=\"_blank\" rel=\"noopener noreferrer nofollow\">Resolu\u00e7\u00e3o 240-2022 (Elei\u00e7\u00e3o do Vice-Diretor do Col\u00e9gio Interamericano de Defesa)<\/a><\/li>\n<li><a href=\"https:\/\/drive.google.com\/file\/d\/1Om2oIaV-gthUT0v6kzlhavl4voHl4Ifd\/view?usp=sharing\" target=\"_blank\" rel=\"noopener noreferrer nofollow\">Resolu\u00e7\u00e3o 239-2022 (Elei\u00e7\u00e3o do Vice-Presidente do Conselho de Delegados)<\/a><\/li>\n<li><a href=\"https:\/\/drive.google.com\/file\/d\/1PbAednbbnZK2JAah2XTWCIA1EA1yUoFO\/view?usp=sharing\" target=\"_blank\" rel=\"noopener noreferrer nofollow\">Resolu\u00e7\u00e3o 238-2022 (Aprova\u00e7\u00e3o das Solu\u00e7\u00f5es a Serem Submetidas \u00e0 Assembleia Geral da OEA)<\/a><\/li>\n<li><a href=\"https:\/\/drive.google.com\/file\/d\/1uCxCzGyKP9FXcrtHbEuT3kJJQPz7zkua\/view?usp=sharing\" target=\"_blank\" rel=\"noopener noreferrer nofollow\">Resolu\u00e7\u00e3o 237-2022 (Aprova\u00e7\u00e3o dos Planos Anuais de Trabalho da Presid\u00eancia do Conselho de Delegados da JID, da Secretaria da JID e do Col\u00e9gio Interamericano de Defesa para o ano 2022)<\/a><\/li>\n<li><a href=\"https:\/\/drive.google.com\/file\/d\/1Joe_pqmkTq1L5eiUKdREqhSdKq72T-oR\/view?usp=sharing%20   \">Resolu\u00e7\u00e3o 236-2022 (Aprova\u00e7\u00e3o da Ordem da Junta Interamericana de Defesa para o ano 2022)<\/a><\/li>\n<\/ul>\n<p><\/p>\n<p>2021<\/p><\/p>\n\n\n\n<ul class=\"wp-block-list\"><li><a aria-label=\"Resolu\u00e7\u00e3o 234-2021 (Elei\u00e7\u00e3o para o Cargo de Subdiretor do Secret\u00e1rio de Servi\u00e7os Administrativos e Confer\u00eancia do Secret\u00e1rio da Junta Interamericana de Defesa). (abre em uma nova aba)\" href=\"https:\/\/drive.google.com\/file\/d\/15Z5PvRkIGht_nIh4zA1QA79JA1JKBi4p\/view?usp=sharing\" target=\"_blank\" rel=\"noreferrer noopener\" class=\"ek-link\">Resolu\u00e7\u00e3o 234-2021 (Elei\u00e7\u00e3o para o Cargo de Subdiretor do Secret\u00e1rio dos Servi\u00e7os Administrativos e Confer\u00eancia do Secret\u00e1rio da JID).&nbsp;<\/a><\/li><li><a aria-label=\"Resolu\u00e7\u00e3o 233-2021 (Elei\u00e7\u00e3o para o cargo de Vice-Presidente do Conselho de Delegados da Junta Interamericana de Defesa). (abre em uma nova aba)\" href=\"https:\/\/drive.google.com\/file\/d\/1QZadzS7wY86DYg1W9v_dV8npdDMh8Fsc\/view?usp=sharing\" target=\"_blank\" rel=\"noreferrer noopener\" class=\"ek-link\">Resolu\u00e7\u00e3o 233-2021 (Elei\u00e7\u00e3o para o Cargo de Vice-Presidente do Conselho de Delegados da JID).&nbsp;<\/a><\/li><li><a aria-label=\"Resolu\u00e7\u00e3o 232-2021 (Elei\u00e7\u00e3o para o cargo de Presidente do Conselho de Delegados da Junta Interamericana de Defesa). (abre em uma nova aba)\" href=\"https:\/\/drive.google.com\/file\/d\/1Aj464EfszavTcKgUGZLnq18YH2XalRpf\/view?usp=sharing\" target=\"_blank\" rel=\"noreferrer noopener\" class=\"ek-link\">Resolu\u00e7\u00e3o 232-2021 (Elei\u00e7\u00e3o para o Cargo de Presidente do Conselho de Delegados da JID).&nbsp;<\/a><\/li><li><a aria-label=\"Resolu\u00e7\u00e3o 229-2021 (Aprova\u00e7\u00e3o dos Planos de A\u00e7\u00f5es da JID). (abre em uma nova aba)\" href=\"https:\/\/drive.google.com\/file\/d\/1upoSrgc8i6UZ4D9ZRTPFjLcBV8i85HL8\/view?usp=sharing\" target=\"_blank\" rel=\"noreferrer noopener\" class=\"ek-link\">Resolu\u00e7\u00e3o 231-2021 (Aprova\u00e7\u00e3o GT para Atualiza\u00e7\u00e3o de AC entre JID e FID).&nbsp;<\/a><\/li><li><a aria-label=\"Resolu\u00e7\u00e3o 229-2021 (Aprova\u00e7\u00e3o dos Planos de A\u00e7\u00f5es da JID). (abre em uma nova aba)\" href=\"https:\/\/drive.google.com\/file\/d\/1NhVKIbxpMP3Ax8dwpex3fjxKdRqY-h5z\/view?usp=sharing\" target=\"_blank\" rel=\"noreferrer noopener\" class=\"ek-link\">Resolu\u00e7\u00e3o 230-2021 (Aprova\u00e7\u00e3o para Aquisi\u00e7\u00e3o de Equipamentos de Sistema de Aquecimento para Casa de Soldado).&nbsp;<\/a><\/li><li><a aria-label=\"Resolu\u00e7\u00e3o 229-2021 (Aprova\u00e7\u00e3o dos Planos de A\u00e7\u00f5es da JID). (abre em uma nova aba)\" href=\"https:\/\/drive.google.com\/file\/d\/1g-r9370b3UGzxFUUoxHA3fOdWwFXwmee\/view?usp=sharing\" target=\"_blank\" rel=\"noreferrer noopener\" class=\"ek-link\">Resolu\u00e7\u00e3o 229-2021 (Aprova\u00e7\u00e3o dos Planos de A\u00e7\u00f5es da JID).&nbsp;<\/a><\/li><li><a aria-label=\"Resolu\u00e7\u00e3o 228-2021 (Aprova\u00e7\u00e3o Eleitoral para Vice-Diretor da Subsecretaria da JID). (abre em uma nova aba)\" href=\"https:\/\/drive.google.com\/file\/d\/18CVlUjXV-GClWYfWUe_3vjFeaQyjfAid\/view?usp=sharing\" target=\"_blank\" rel=\"noreferrer noopener\" class=\"ek-link\">Resolu\u00e7\u00e3o 228-2021 (Aprova\u00e7\u00e3o Eleitoral para Vice-Diretor da Subsecretaria da JID).&nbsp;<\/a><\/li><li><a aria-label=\"Resolu\u00e7\u00e3o 227-2021 (Aprova\u00e7\u00e3o de Propostas de Resolu\u00e7\u00e3o). (abre em uma nova aba)\" href=\"https:\/\/drive.google.com\/file\/d\/1J1gVslOiDp7VQ5obSQ-BWFRIEIBFusdP\/view?usp=sharing\" target=\"_blank\" rel=\"noreferrer noopener\" class=\"ek-link\">Resolu\u00e7\u00e3o 227-2021 (Atualiza\u00e7\u00e3o do Programa de Capacita\u00e7\u00e3o JID).&nbsp;<\/a><\/li><li><a aria-label=\"Resolu\u00e7\u00e3o 226-2021 ((Programa de Treinamento JID). (abre em uma nova aba)\" href=\"https:\/\/drive.google.com\/file\/d\/12rRtvKuUUq-VlFgedRTHn4y9LXu1E1sc\/view?usp=sharing\" target=\"_blank\" rel=\"noreferrer noopener\" class=\"ek-link\">Resolu\u00e7\u00e3o 226-2021 (Atualiza\u00e7\u00e3o do Acordo Cooperativo JID-FID).&nbsp;<\/a><\/li><li><a aria-label=\"Resolu\u00e7\u00e3o 225-2021 ((Plano Estrat\u00e9gico JID 2022-2025). (abre em uma nova aba)\" href=\"https:\/\/drive.google.com\/file\/d\/1xoXP3ePxNc7xaYJYQiUOVcRf3iXF8lC1\/view?usp=sharing\" target=\"_blank\" rel=\"noreferrer noopener\" class=\"ek-link\">Resolu\u00e7\u00e3o 225-2021 (Plano Estrat\u00e9gico JID 2022-2025).<\/a>&nbsp;<\/li><li><a rel=\"noreferrer noopener\" href=\"https:\/\/drive.google.com\/file\/d\/17cnGN3MrUu_RztJn2A61bbskP9gJV_4C\/view?usp=sharing\" target=\"_blank\">Resolu\u00e7\u00e3o 224-2021 (Aprova\u00e7\u00e3o de Propostas de Resolu\u00e7\u00e3o).&nbsp;<\/a><\/li><li><a rel=\"noreferrer noopener\" href=\"https:\/\/drive.google.com\/file\/d\/1TmNsumIS7OycDKfNgFxXswt0v6crrHc4\/view?usp=sharing\" target=\"_blank\">Resolu\u00e7\u00e3o 223-2021 (Aprova\u00e7\u00e3o da Emenda \u00e0s Propostas das Resolu\u00e7\u00f5es).&nbsp;<\/a><\/li><li><a rel=\"noreferrer noopener\" href=\"https:\/\/drive.google.com\/file\/d\/1T5xtV2pnqomUICKk0B6SYVFGocfBkdql\/view?usp=sharing\" target=\"_blank\" class=\"ek-link\">Resolu\u00e7\u00e3o 222-2021 (Movimento da Estrutura da Secretaria).&nbsp;<\/a><\/li><li><a rel=\"noreferrer noopener\" href=\"https:\/\/drive.google.com\/file\/d\/1B-9jeMzq7g5oOE6eMRrurZIfLgxqRAs4\/view?usp=sharing\" target=\"_blank\">Resolu\u00e7\u00e3o 221-2021 (Plano Anual de Trabalho 2021).<\/a><\/li><li><a rel=\"noreferrer noopener\" href=\"https:\/\/drive.google.com\/file\/d\/1mjgF8jIPBt3YLRqIyIWXD0y38-YFiSIS\/view?usp=sharing\" target=\"_blank\">Resolu\u00e7\u00e3o 220-2021 (Objetivos Estrat\u00e9gicos 2022-2025).<\/a><\/li><li><a rel=\"noreferrer noopener\" href=\"https:\/\/drive.google.com\/file\/d\/1x_IQNd-aejmzNuq9VZQXsN0GV9JyTp-c\/view?usp=sharing\" target=\"_blank\">Resolu\u00e7\u00e3o 219-2021 (Distribui\u00e7\u00e3o do Or\u00e7amento 2022 JID).<\/a><\/li><li><a rel=\"noreferrer noopener\" href=\"https:\/\/drive.google.com\/file\/d\/1Dn2cDHoYcPGj5SnEBUsBppO1YrndD9Jl\/view?usp=sharing\" target=\"_blank\">Resolu\u00e7\u00e3o 218-2021 (Relat\u00f3rio Anual JID 2020)<\/a>.<\/li><\/ul>\n\n\n<p><\/p>\n\n\n<p>2020<\/p>\n\n\n\n<ul class=\"wp-block-list\"><li><a href=\"https:\/\/drive.google.com\/file\/d\/1UN9x4oYFpl8nWjhYub1SwaLB2sXu48W5\/view?usp=sharing\" target=\"_blank\" rel=\"noreferrer noopener\">Resolu\u00e7\u00e3o 217 \u2013 2020 Aprova\u00e7\u00e3o da Distribui\u00e7\u00e3o do Or\u00e7amento dos \u00d3rg\u00e3os do JID para o Exerc\u00edcio Social de 2021.<\/a><\/li><li><a href=\"https:\/\/drive.google.com\/file\/d\/1eJAgvD9m3tCdhGOHE0euE0RfbcV3LxFF\/view?usp=sharing\" target=\"_blank\" rel=\"noreferrer noopener\">Resolu\u00e7\u00e3o 216 \u2013 2020 Aprova\u00e7\u00e3o da Conven\u00e7\u00e3o do Conv\u00eanio Padr\u00e3o de Colabora\u00e7\u00e3o entre a Junta Interamericana de Defesa e a Universidade Antonio de Nebrija.<\/a><\/li><li><a href=\"https:\/\/drive.google.com\/file\/d\/1GUMPx4dBCs9q45ahpP-88wpjNdiFLyaO\/view?usp=sharing\" target=\"_blank\" rel=\"noreferrer noopener\">Resolu\u00e7\u00e3o 215 \u2013 2020 Aprova\u00e7\u00e3o do Calend\u00e1rio Eleitoral Bienal 2021-2022.<\/a><\/li><li><a href=\"https:\/\/drive.google.com\/file\/d\/1vC4SeEYSXRM4n82i3VfmW2IGGskQBFuw\/view?usp=sharing\" target=\"_blank\" rel=\"noreferrer noopener\">Resolu\u00e7\u00e3o 214 \u2013 Aprova\u00e7\u00e3o 2020 do Calend\u00e1rio de Reuni\u00f5es do Conselho de Delegados, Ano 2021.<\/a><\/li><li><a href=\"https:\/\/drive.google.com\/file\/d\/17-LwzAJfRu4vDpi_ATch5mBzuj9yhAA_\/view?usp=sharing\" target=\"_blank\" rel=\"noreferrer noopener\">Resolu\u00e7\u00e3o 213 \u2013 2020 Aprova\u00e7\u00e3o da Vota\u00e7\u00e3o da Elei\u00e7\u00e3o do Presidente do Conselho de Delegados e Outros Cargos de Altos Funcion\u00e1rios da JID.&nbsp;&nbsp;<\/a><\/li><li><a href=\"https:\/\/drive.google.com\/file\/d\/1_1OPL_t4MXJouQQCQErmcRzeKS0kc-3S\/view?usp=sharing\" target=\"_blank\" rel=\"noreferrer noopener\">Resolu\u00e7\u00e3o 212 \u2013 Aprova\u00e7\u00e3o 2020 do Estudo de Situa\u00e7\u00e3o Estrat\u00e9gica do JID.&nbsp;<\/a><\/li><li><a href=\"https:\/\/drive.google.com\/file\/d\/1YyBbPoKptIylAXY-9VHUVsGPFAu-Sttv\/view?usp=sharing\" target=\"_blank\" rel=\"noreferrer noopener\">Resolu\u00e7\u00e3o 211 \u2013 2020 Aprova\u00e7\u00e3o do Relat\u00f3rio de Avalia\u00e7\u00e3o do Plano Anual de Trabalho das Organiza\u00e7\u00f5es JID, Ano 2019.<\/a><\/li><li><a href=\"https:\/\/drive.google.com\/file\/d\/1khP9DHksgnSTkr_xQH86wcmk804AM3pk\/view?usp=sharing\" target=\"_blank\" rel=\"noreferrer noopener\">Resolu\u00e7\u00e3o 210 \u2013 Elei\u00e7\u00e3o 2020 para o Cargo de Vice-Presidente do Conselho de Delegados da Junta Interamericana de Defesa.<\/a><\/li><li><a href=\"https:\/\/drive.google.com\/file\/d\/1bc4wMzxvuD19GOwX_VpHITorMz489GR-\/view?usp=sharing\" target=\"_blank\" rel=\"noreferrer noopener\">Resolu\u00e7\u00e3o 209 \u2013 Elei\u00e7\u00e3o 2020 para o Cargo de Vice-Presidente do Conselho de Delegados da JID\u2014\u2014- (ESPANHOL).<\/a><\/li><li><a href=\"https:\/\/drive.google.com\/file\/d\/1L4crJyY9fNNx25gK6SL4HaJc7fB_lBpT\/view?usp=sharing\" target=\"_blank\" rel=\"noreferrer noopener\">Resolu\u00e7\u00e3o 208 \u2013 2020 Aprova\u00e7\u00e3o da Conforma\u00e7\u00e3o do Grupo de Trabalho Respons\u00e1vel pelo Estudo da Situa\u00e7\u00e3o Estrat\u00e9gica do JID.<\/a><\/li><li><a href=\"https:\/\/drive.google.com\/file\/d\/1Nseyi7vs5X-9k0xpISBz-VYPjvVsKSbK\/view?usp=sharing\" target=\"_blank\" rel=\"noreferrer noopener\">Resolu\u00e7\u00e3o 207 \u2013 2020 Aprova\u00e7\u00e3o das Propostas para os Mandatos 2020 apresentadas pelas Organiza\u00e7\u00f5es JID.&nbsp;<\/a><\/li><li><a href=\"https:\/\/drive.google.com\/file\/d\/1-oC4U8VTnYYGCkLM4AwCzEtSGeXbhKvV\/view?usp=sharing\" target=\"_blank\" rel=\"noreferrer noopener\">Resolu\u00e7\u00e3o 206 \u2013 2020 Aprova os Planos Anuais de Trabalho da Presid\u00eancia do Conselho de Delegados da JID, do Secret\u00e1rio da JID e do Col\u00e9gio Interamericano de Defesa para o exerc\u00edcio fiscal de 2020\u2014\u2014\u2013 (ESPANHOL).<\/a><\/li><\/ul>\n\n\n<p><\/p>\n\n\n<p>2019<\/p>\n\n\n\n<ul class=\"wp-block-list\"><li><a href=\" https:\/\/drive.google.com\/file\/d\/1ZPO80C9qT7M5CpwodtTLmsQgUJxRpiFY\/view?usp=sharing \" class=\"ek-link\">Resolu\u00e7\u00e3o 204 \u2013 2019 Aprova\u00e7\u00e3o do relat\u00f3rio da Classe 58 apresentado pelo CID e do relat\u00f3rio de an\u00e1lise do referido relat\u00f3rio pela Comiss\u00e3o Permanente do CID<\/a>.<\/li><li><a href=\" https:\/\/drive.google.com\/file\/d\/1XKbty2a0a4HHQusAA5fBBbl6_zVWeR_4\/view?usp=sharing  \">Resolu\u00e7\u00e3o 203 \u2013 2019 Aprova Proposta Or\u00e7ament\u00e1ria da JID para o Exerc\u00edcio Fiscal de 2021<\/a>.<\/li><li><a href=\" https:\/\/drive.google.com\/file\/d\/11aLlkQIgpV290SnE__0hVVm8SmT6rM3A\/view?usp=sharing \">Resolu\u00e7\u00e3o 202 \u2013 Aprova\u00e7\u00e3o 2019 da Proposta de Ajustes ao Guia de Planejamento da Junta Interamericana de Defesa (G-PLANJID)<\/a>.<\/li><li><a href=\" https:\/\/drive.google.com\/file\/d\/1uRD7ETJ7tRjV5jXX4oRrDeI4c2z5fRJt\/view?usp=sharing \">Resolu\u00e7\u00e3o 201 \u2013 2019 Aprova\u00e7\u00e3o da Distribui\u00e7\u00e3o do Or\u00e7amento da JID para o Exerc\u00edcio Social de 2020<\/a>.<\/li><li><a href=\"https:\/\/drive.google.com\/file\/d\/1D4AQyK4Ype9_csPYKcN5UhxecoLH1akq\/view?usp=sharing\" target=\"_blank\" rel=\"noopener noreferrer nofollow\">Resolu\u00e7\u00e3o 200 \u2013 Elei\u00e7\u00e3o 2019 para o cargo de Diretor do Col\u00e9gio Interamericano de Defesa<\/a>.<\/li><li><a href=\"https:\/\/drive.google.com\/file\/d\/1rmSYjB7OAo1jDcJe_6Vb4NjDsOXb0Xfa\/view?usp=sharing\" target=\"_blank\" rel=\"noopener noreferrer nofollow\">Resolu\u00e7\u00e3o 199 \u2013 Elei\u00e7\u00e3o para o Cargo de Presidente do Conselho de Delegados da Junta Interamericana de Defesa 2019<\/a>.<\/li><li><a href=\" https:\/\/drive.google.com\/file\/d\/1zwXHmr0JvXxF6XRoHWs3cHN87A2vsej5\/view?usp=sharing \">Resolu\u00e7\u00e3o 198 \u2013 2019 Apresentada pelo Diretor Geral da Secretaria para a \u201cRatifica\u00e7\u00e3o da Atualiza\u00e7\u00e3o do Regulamento de Pessoal Civil da Junta Interamericana de Defesa (ESPANHOL)<\/a>.<\/li><li><a href=\"https:\/\/drive.google.com\/file\/d\/1ADlgG-2CF-q8ihC2NIrrNGeG_6U0jnq9\/view?usp=sharing\" target=\"_blank\" rel=\"noopener noreferrer nofollow\">Resolu\u00e7\u00e3o 197 \u2013 2019 Capacita\u00e7\u00e3o do Grupo de Trabalho para Verifica\u00e7\u00e3o e Execu\u00e7\u00e3o da Desclassifica\u00e7\u00e3o de Documentos<\/a>.<\/li><li><a href=\"https:\/\/drive.google.com\/file\/d\/1dPTbv6yhD0lKA-YxAFr0d2R4BqMsiuJV\/view?usp=sharing\" target=\"_blank\" rel=\"noopener noreferrer nofollow\">Resolu\u00e7\u00e3o 196 \u2013 2019 Aprova\u00e7\u00e3o do Calend\u00e1rio de Reuni\u00f5es do CD, ANO 2020 (ESPANHOL)<\/a>.<\/li><li><a href=\"https:\/\/drive.google.com\/file\/d\/1v8zOF-M2ujrxszxAZ78hehCAVcibRbNk\/view?usp=sharing\" target=\"_blank\" rel=\"noopener noreferrer nofollow\">Resolu\u00e7\u00e3o 195 \u2013 2019 Outorga da Medalha JID \u00e0 Bandeira de Guerra do Grupo de Desminagem de Infantaria Marinha da Marinha da Rep\u00fablica da Col\u00f4mbia (ESPANHOL)<\/a>.<\/li><li><a href=\"https:\/\/drive.google.com\/file\/d\/15xaPn-d3mO2uc8b0EwsLEZNBvx5nZXH9\/view?usp=sharing\" target=\"_blank\" rel=\"noopener noreferrer nofollow\">Resolu\u00e7\u00e3o 194 \u2013 2019 Outorga da Medalha JID ao Sr. WILLIAM BERENSON (ESPANHOL)<\/a>.<\/li><li><a href=\"https:\/\/drive.google.com\/file\/d\/1GBb5ot1m4feeOcLgP6Z23XcxhPr8UkLI\/view?usp=sharing\" target=\"_blank\" rel=\"noopener noreferrer nofollow\">Resolu\u00e7\u00e3o 193 \u2013 2019 Entrega da Medalha da JID ao Coronel HENRY DELGADO do Ex\u00e9rcito do Equador (ESPANHOL)<\/a>.<\/li><li><a href=\"https:\/\/drive.google.com\/open?id=1HH_QhDsmGFD1SHZ_yh9oJgASUtXzzjRf\" target=\"_blank\" rel=\"noopener noreferrer nofollow\">Resolu\u00e7\u00e3o 192 \u2013 2019 Mudan\u00e7as no Plano para melhorar a orienta\u00e7\u00e3o e assessoria da JID ao Sistema Interamericano de Defesa em caso de desastres (ESPANHOL)<\/a>.<\/li><li><a href=\"https:\/\/drive.google.com\/open?id=1jv9-eU6NyPA7t4ZcVbqnHXav2GA_5ayA\" target=\"_blank\" rel=\"noopener noreferrer nofollow\">Resolu\u00e7\u00e3o 191 \u2013 2019 Modifica\u00e7\u00f5es ao Regulamento CID para adapta\u00e7\u00e3o aos padr\u00f5es de acredita\u00e7\u00e3o (ESPANHOL)<\/a>.<\/li><li><a href=\"https:\/\/drive.google.com\/open?id=19n5tK9NRuYw0FMdILJ3Y2_Ao9SG40PoO\" target=\"_blank\" rel=\"noopener noreferrer nofollow\">Resolu\u00e7\u00e3o 190 \u2013 2019 Adapta\u00e7\u00e3o do Plano Estrat\u00e9gico JID, per\u00edodo 2020 \u2013 2021 (ESPANHOL)<\/a>.<\/li><li><a href=\"https:\/\/drive.google.com\/open?id=1_yezXRLDKO3VMyiu5AA5h1qGS5gYWOxe\" target=\"_blank\" rel=\"noopener noreferrer nofollow\">Resolu\u00e7\u00e3o 189 \u2013 Elei\u00e7\u00e3o 2019 do Vice-Presidente do Conselho de Delegados -JID (ESPANHOL)<\/a>.<\/li><li><a href=\"https:\/\/drive.google.com\/open?id=18K7OvYRmiSqvQrBN3IxNg0jQmhRNhXB3\" target=\"_blank\" rel=\"noopener noreferrer nofollow\">Resolu\u00e7\u00e3o 188 \u2013 2019 Outorga da Medalha JID \u2013 Embaixada do M\u00e9xico. Jorge Lomonaco (ESPANHOL)<\/a>.<\/li><li><a href=\"https:\/\/drive.google.com\/open?id=1lj0yW8APEdbFeY00nce77BkFRy4m3pnr\" target=\"_blank\" rel=\"noopener noreferrer nofollow\">Resolu\u00e7\u00e3o 187 \u2013 2019 Outorga da Medalha JID \u2013 Embaixada do Canad\u00e1. Jennifer May (ESPANHOL)<\/a>.<\/li><li><a href=\"https:\/\/drive.google.com\/open?id=1OR6o53KTu1Hg7Eyu6gIBSm9GwEoes0l-\" target=\"_blank\" rel=\"noopener noreferrer nofollow\">Resolu\u00e7\u00e3o 186 \u2013 Altera\u00e7\u00e3o do Regulamento da JID 2019 \u2013 Medalha JID (ESPANHOL)<\/a>.<\/li><li><a href=\"https:\/\/drive.google.com\/open?id=1fk_KBmHAhGUelwwQOvEEPSBp0MueYAsI\" target=\"_blank\" rel=\"noopener noreferrer nofollow\">Resolu\u00e7\u00e3o 185 \u2013 Medalha JID 2019 \u2013 Col\u00f4mbia- Agrup. de Desminagem<\/a>.<\/li><li><a href=\"https:\/\/drive.google.com\/open?id=1WYTx0U4Le3E971FbH9bAiL4CsBOxKkqV\" target=\"_blank\" rel=\"noopener noreferrer nofollow\">Resolu\u00e7\u00e3o 184 \u2013 Altera\u00e7\u00e3o 2019 do Regulamento da JID, CD e CID (ESPANHOL)<\/a>.<\/li><li><a href=\"https:\/\/drive.google.com\/open?id=1ufYd5InedkFO644OCtZx3bq2FHG-Ti66\" target=\"_blank\" rel=\"noopener noreferrer nofollow\">Resolu\u00e7\u00e3o 183 \u2013 2019 Entrega da Medalha JID ao Centro Internacional de Desminagem de Espanha _____ (ESPANHOL)<\/a>.<\/li><li><a href=\"https:\/\/drive.google.com\/open?id=1c488DEecSQwpXfAQOaT8gE8kJKnVxKWa\" target=\"_blank\" rel=\"noopener noreferrer nofollow\">Resolu\u00e7\u00e3o 182 \u2013 2019 Aprova o Relat\u00f3rio Anual 2018 do JID para a OEA_____ (ESPANHOL)<\/a>.<\/li><li><a href=\"https:\/\/drive.google.com\/open?id=1-yVWQwpASRfkZu8aCEMfTthxBdb1JoRj\" target=\"_blank\" rel=\"noopener noreferrer nofollow\">Resolu\u00e7\u00e3o 181 \u2013 2019 Altera o par\u00e1grafo VIII Anexo B da R-1_____ (ESPANHOL)<\/a>.<\/li><li><a href=\"https:\/\/drive.google.com\/open?id=1_aEqRgyvTr56spjAsdXb_I-PtHaihDOE0\" target=\"_blank\" rel=\"noopener noreferrer nofollow\">Resolu\u00e7\u00e3o 180 \u2013 2019 Altera conforme Resolu\u00e7\u00f5es n\u00ba 059\/2015 e 083\/2016_____ (ESPANHOL)<\/a>.<\/li><li><a href=\"https:\/\/drive.google.com\/open?id=1Ykm_VhMvUKcgUNAkDofWQNuzZ8aJQxo9\" target=\"_blank\" rel=\"noopener noreferrer nofollow\">Resolu\u00e7\u00e3o 179 \u2013 Altera\u00e7\u00e3o do Artigo 38.1 de 2019 do Regime JID_____ (ESPANHOL)<\/a>.<\/li><li><a href=\"https:\/\/drive.google.com\/open?id=1eqzVCmBBRr9oB7kLrvepumTzeLrSlCpV\" target=\"_blank\" rel=\"noopener noreferrer nofollow\">Resolu\u00e7\u00e3o 178 \u2013 2019 Aprova as Recomenda\u00e7\u00f5es sobre o Cumprimento do Plano de Trabalho_____ (ESPANHOL)<\/a>.<\/li><li><a href=\"https:\/\/drive.google.com\/open?id=1GS2_WYPQpUqQ6d4Kmc9F2ceqKnf-c5j0\" target=\"_blank\" rel=\"noopener noreferrer nofollow\">Resolu\u00e7\u00e3o 177 \u2013 Modifica\u00e7\u00e3o do Calend\u00e1rio de Reuni\u00f5es do Conselho de Delegados 2019_____ (ESPANHOL)<\/a>.<\/li><li><a href=\"https:\/\/drive.google.com\/open?id=1NQf81ATW2_EOzl86wdchlHMU2c9-Rb3P\" target=\"_blank\" rel=\"noopener noreferrer nofollow\">Resolu\u00e7\u00e3o 176 \u2013 2019 Forma\u00e7\u00e3o do Grupo de Trabalho para Revis\u00e3o do Plano Estrat\u00e9gico \u2013 (ESPANHOL)<\/a>.<\/li><li><a href=\"https:\/\/drive.google.com\/open?id=1scVZ2Q5v586tJ4BKLag2UBX1euW_ydL1\" target=\"_blank\" rel=\"noopener noreferrer nofollow\">Resolu\u00e7\u00e3o 175 \u2013 2019 Aprova\u00e7\u00e3o da execu\u00e7\u00e3o do or\u00e7amento de 2018 \u00e0 OEA \u2013 (ESPANHOL)<\/a>.<\/li><li><a href=\"https:\/\/drive.google.com\/open?id=1wFK3ma0tYx2bZPxjpHMOw7VqOBgvcOB4\" target=\"_blank\" rel=\"noopener noreferrer nofollow\">Resolu\u00e7\u00e3o 174 \u2013 Medalha JID 2019 Centro do Batalh\u00e3o de Desminagem da Col\u00f4mbia \u2013 (ESPANHOL)<\/a>.<\/li><\/ul>\n\n\n<p><\/p>\n\n\n<p>2018<\/p>\n\n\n\n<ul class=\"wp-block-list\"><li><a href=\"https:\/\/drive.google.com\/open?id=1G-TJf09Zi6Wd9MjffGY-Clf8Xd9Mb55o\" class=\"ek-link\" target=\"_blank\" rel=\"noopener noreferrer nofollow\">Resolu\u00e7\u00e3o 173 \u2013 2018 Aprova\u00e7\u00e3o da entrega da Medalha JID ao Sr. DANIEL DONOVAN e Sra.<\/a>.<\/li><li><a href=\"https:\/\/drive.google.com\/open?id=1mIJd_MZcg3OGG-AED98Uw4PrR_2l1sMK\" target=\"_blank\" rel=\"noopener noreferrer nofollow\">Resolu\u00e7\u00e3o 172 \u2013 2018 Aprova\u00e7\u00e3o do Laudo da Classe 57 \u2013 CID (ESPANHOL)<\/a>.<\/li><li><a href=\"https:\/\/drive.google.com\/open?id=1vKgJwAm5abmMsb6OhL9IJRwU5i8R3GES\" target=\"_blank\" rel=\"noopener noreferrer nofollow\">Resolu\u00e7\u00e3o 171 \u2013 2018 Atribuir Comiss\u00e3o Permanente de Revis\u00e3o e Estilo \u2013 CID (ESPANHOL)<\/a>.<\/li><li><a href=\"https:\/\/drive.google.com\/open?id=1yv4FuIaP1ut3pATp_9oKStwhi2bh-Auy\" target=\"_blank\" rel=\"noopener noreferrer nofollow\">Resolu\u00e7\u00e3o 169 \u2013 2018 Distribui\u00e7\u00e3o do or\u00e7amento dos \u00f3rg\u00e3os da JID \u2013 exerc\u00edcio financeiro \u2013 2019<\/a>.<\/li><li><a href=\"https:\/\/drive.google.com\/open?id=1MUfmKhTXJW5BGiVNHYhjtO2WbSMRdsTL\" target=\"_blank\" rel=\"noopener noreferrer nofollow\">Resolu\u00e7\u00e3o 167 \u2013 Aprova\u00e7\u00e3o do Plano Anual de Trabalho da Secretaria da JID 2018 (ESPANHOL)<\/a>.<\/li><li><a href=\"https:\/\/drive.google.com\/open?id=10N9HPf5DkEXhdWdpXoQLQTR6EjrItjAf\" target=\"_blank\" rel=\"noopener noreferrer nofollow\">Resolu\u00e7\u00e3o 166 \u2013 2018 Elei\u00e7\u00e3o para o cargo de Vice-Diretor do SACS \u2013 JID (ESPANHOL)<\/a>.<\/li><li><a href=\"https:\/\/drive.google.com\/open?id=1U8gParD6CwpRLQwtKLii3olSpyWxYJ42\" target=\"_blank\" rel=\"noopener noreferrer nofollow\">Resolu\u00e7\u00e3o 165 \u2013 Aprova\u00e7\u00e3o do Plano Anual de Trabalho do Conselho de Delegados \u2013 JID 2018 (ESPANHOL)<\/a>.<\/li><li><a href=\"https:\/\/drive.google.com\/open?id=14k4MyL_Etf5b6Ae3PafttcT8OUL0yP--\" target=\"_blank\" rel=\"noopener noreferrer nofollow\">Resolu\u00e7\u00e3o 164 \u2013 2018 Prorroga\u00e7\u00e3o do prazo para apresenta\u00e7\u00f5es do cargo de diretor do SACS (ESPANHOL)<\/a>.<\/li><li><a href=\"https:\/\/drive.google.com\/open?id=1WfXCcarGhsAlY8eGp5WHKCE05m1nfS6J\" target=\"_blank\" rel=\"noopener noreferrer nofollow\">Resolu\u00e7\u00e3o 163 \u2013 Elei\u00e7\u00e3o do Diretor Adjunto da Subsecretaria de Assessoria da JID (ESPANHOL) 2018<\/a>.<\/li><li><a href=\"https:\/\/drive.google.com\/open?id=1HreZqCZAt6thO-hTeKg--vQ8b8IOtTlp\" target=\"_blank\" rel=\"noopener noreferrer nofollow\">Resolu\u00e7\u00e3o 162 \u2013 2018 In\u00edcio de fun\u00e7\u00f5es do Subsecret\u00e1rio de Assessoria da JID eleito (ESPANHOL)<\/a>.<\/li><li><a href=\"https:\/\/drive.google.com\/open?id=1HreZqCZAt6thO-hTeKg--vQ8b8IOtTlp\" target=\"_blank\" rel=\"noopener noreferrer nofollow\">Resolu\u00e7\u00e3o 162 \u2013 2018 In\u00edcio de fun\u00e7\u00f5es do Subsecret\u00e1rio de Assessoria da JID eleito (ESPANHOL)<\/a>.<\/li><li><a href=\"https:\/\/drive.google.com\/open?id=11Pe8P_DWTMzM8634NJK0FOUfXTPD08m6\" target=\"_blank\" rel=\"noopener noreferrer nofollow\">Resolu\u00e7\u00e3o 161 \u2013 Elei\u00e7\u00e3o 2018 do Diretor da Subsecretaria de Assessoria da JID (ESPANHOL)<\/a>.<\/li><li><a href=\"https:\/\/drive.google.com\/open?id=1o0NeTPG22XM4SruLCeYHMNweaTJUs8Vr\" target=\"_blank\" rel=\"noopener noreferrer nofollow\">Resolu\u00e7\u00e3o 160 \u2013 Elei\u00e7\u00e3o 2018 do Diretor da Subsecretaria de Servi\u00e7os Administrativos da JID (ESPANHOL)<\/a>.<\/li><li><a href=\"https:\/\/drive.google.com\/open?id=1o0NeTPG22XM4SruLCeYHMNweaTJUs8Vr\" target=\"_blank\" rel=\"noopener noreferrer nofollow\">Resolu\u00e7\u00e3o 159 \u2013 Elei\u00e7\u00e3o 2018 para Chefe de Estudos do CID (ESPANHOL)<\/a>.<\/li><li><a href=\"https:\/\/drive.google.com\/open?id=10l5bJ2jyMHMYgklAP9XtYaw0bPblHHPh\" target=\"_blank\" rel=\"noopener noreferrer nofollow\">Resolu\u00e7\u00e3o 158 \u2013 Elei\u00e7\u00e3o 2018 para o Cargo do Diretor Geral da Secretaria da Junta Interamericana de Defesa (ESPANHOL)<\/a>.<\/li><li><a href=\"https:\/\/drive.google.com\/open?id=1b0JnRSiFQt8dWRSuTK2FihS8fWc52rX7\" target=\"_blank\" rel=\"noopener noreferrer nofollow\">Resolu\u00e7\u00e3o 157 \u2013 Elei\u00e7\u00e3o 2018 para o Cargo do Presidente do Conselho de Delegados da Junta Interamericana de Defesa (ESPANHOL)<\/a>.<\/li><li><a href=\"https:\/\/drive.google.com\/open?id=10J-M93qg7jZSdAY1xM8Bl_JqEs5Wx5o6\" target=\"_blank\" rel=\"noopener noreferrer nofollow\">Resolu\u00e7\u00e3o 156 \u2013 2018 Aprova\u00e7\u00e3o do relat\u00f3rio final da Comiss\u00e3o Permanente da CID (ESPANHOL)<\/a>.<\/li><li><a href=\"https:\/\/drive.google.com\/open?id=1M1gTSp3kOom8qcWRpWs5wWTH7VtS1Itz\" target=\"_blank\" rel=\"noopener noreferrer nofollow\">Resolu\u00e7\u00e3o 155 \u2013 Ratifica\u00e7\u00e3o 2018 da Cria\u00e7\u00e3o e Funcionamento da Funda\u00e7\u00e3o Interamericana de Defesa (ESPANHOL)<\/a>.<\/li><li><a href=\"https:\/\/drive.google.com\/open?id=1et_PStC-PmM_lMsEoJ3wCpBO-BZh8Eob\" class=\"ek-link\" target=\"_blank\" rel=\"noopener noreferrer nofollow\">Resolu\u00e7\u00e3o 154 \u2013 2018 Aprova\u00e7\u00e3o da entrega da medalha JID ao DR. ANDRES GONZALES DIAZ EX-EMBAIXADOR DA COL\u00d4MBIA junto \u00e0 OEA ESPANHOL)<\/a>.<\/li><li><a href=\"https:\/\/drive.google.com\/open?id=1mpxjyqJ_xmtaUvdcte-UI9bEd6UHy5vi\" target=\"_blank\" rel=\"noopener noreferrer nofollow\">Resolu\u00e7\u00e3o 153 \u2013 2018 Aprova\u00e7\u00e3o da entrega da medalha JID ao EMBAIXADOR JOSE LUIZ MACHADO E COSTA (ESPANHOL)<\/a>.<\/li><li><a href=\"https:\/\/drive.google.com\/open?id=12V0QpPaLCII2j10jVmwncXTDn23M8MRi\" target=\"_blank\" rel=\"noopener noreferrer nofollow\">Resolu\u00e7\u00e3o 152 \u2013 2018 Aprova\u00e7\u00e3o da entrega da medalha JID ao ALMIRAL KURT W. TIDD (ESPANHOL)<\/a>.<\/li><li><a href=\"https:\/\/drive.google.com\/open?id=16KSs4T1fL0h7VIcTrULA1zB9wHHwmJ5Y\" target=\"_blank\" rel=\"noopener noreferrer nofollow\">Resolu\u00e7\u00e3o 151 \u2013 2018 Aprova\u00e7\u00e3o dos relat\u00f3rios de avalia\u00e7\u00e3o do II trimestre dos \u00f3rg\u00e3os da JID (ESPANHOL)<\/a>.<\/li><li><a href=\"https:\/\/drive.google.com\/open?id=1899KB2aGaoysYsMz-XKwowr_0lcMNEHz\" target=\"_blank\" rel=\"noopener noreferrer nofollow\">Resolu\u00e7\u00e3o 150 \u2013 2018 Aprova\u00e7\u00e3o dos ajustes nos Planos de A\u00e7\u00e3o dos \u00f3rg\u00e3os da JID 2019 \u2013 2021 (ESPANHOL)<\/a>.<\/li><li><a href=\"https:\/\/drive.google.com\/open?id=1QHEtGp62J_XuseKiF5k4LJwu4v8XgDN6\" target=\"_blank\" rel=\"noopener noreferrer nofollow\">Resolu\u00e7\u00e3o 149 \u2013 2018 Aprova\u00e7\u00e3o da concess\u00e3o da medalha JID (ESPANHOL)<\/a>.<\/li><li><a href=\"https:\/\/drive.google.com\/open?id=1NHApi8C_a9wGX7CPD-3figw6fJn6OMNB\" target=\"_blank\" rel=\"noopener noreferrer nofollow\">Resolu\u00e7\u00e3o 148 \u2013 2018 Aprova\u00e7\u00e3o do calend\u00e1rio eleitoral 2019 \u2013 2020 (ESPANHOL)<\/a>.<\/li><li><a href=\"https:\/\/drive.google.com\/open?id=1AkNk1c4YVchwegc1q0syuZd-YiSvjj0z\" target=\"_blank\" rel=\"noopener noreferrer nofollow\">Resolu\u00e7\u00e3o 147 \u2013 2018 Aprova\u00e7\u00e3o do calend\u00e1rio de reuni\u00f5es do Conselho de Delegados \u2013 JID para 2019 (ESPANHOL)<\/a>.<\/li><li><a href=\"https:\/\/drive.google.com\/open?id=1PnbOqZqCiDl11WwlcysAag7XeoUqEj-2\" target=\"_blank\" rel=\"noopener noreferrer nofollow\">Resolu\u00e7\u00e3o 146 \u2013 Elei\u00e7\u00e3o 2018 para o Cargo de Vice-Presidente do Conselho de Delegados da Junta Interamericana de Defesa (ESPANHOL)<\/a>.<\/li><li><a href=\"https:\/\/drive.google.com\/open?id=12OlwxcE4E9FaOzkVgC8rofSGRB4HyhxY\" target=\"_blank\" rel=\"noopener noreferrer nofollow\">Resolu\u00e7\u00e3o 145 \u2013 Elei\u00e7\u00e3o 2018 para o Cargo de Diretor Adjunto do Col\u00e9gio Interamericano de Defesa \u2013 CID (ESPANHOL)<\/a>.<\/li><li><a href=\"https:\/\/drive.google.com\/open?id=1MxHn-IpWrDaXxv15vMZffq9ggNbWivcb\" target=\"_blank\" rel=\"noopener noreferrer nofollow\">Resolu\u00e7\u00e3o 144 \u2013 Aprova\u00e7\u00e3o de Recomenda\u00e7\u00f5es do CMO 2018 \u2013 1\u00ba Trimestre de 2018 (ESPANHOL)<\/a>.<\/li><li><a href=\"https:\/\/drive.google.com\/open?id=1LJsaCXKUUKsWoUB9Umww2fVrvTxFITaW\" target=\"_blank\" rel=\"noopener noreferrer nofollow\">Resolu\u00e7\u00e3o 143 \u2013 Mudan\u00e7a de Data de 2018 Reuni\u00e3o Informal Junho de 2018 (ESPANHOL)<\/a>.<\/li><li><a href=\"https:\/\/drive.google.com\/open?id=1Pq0aW82IoVLByKh1dRRxLRwR1LdLtw9P\" target=\"_blank\" rel=\"noopener noreferrer nofollow\">Resolu\u00e7\u00e3o 142 \u2013 2018 Prorroga\u00e7\u00e3o do Prazo para Candidato \u00e0 Vice-Presid\u00eancia JID (ESPANHOL)<\/a>.<\/li><li><a href=\"https:\/\/drive.google.com\/open?id=13m6bJF4gtY9AFKiaaR59vj_lFe0Iatkd\" target=\"_blank\" rel=\"noopener noreferrer nofollow\">Resolu\u00e7\u00e3o 141 \u2013 Conformidade 2018 com o Plano de Trabalho JID 2017<\/a>.<\/li><li><a href=\"https:\/\/drive.google.com\/open?id=1n07RXkiF9V1Lv1xKWvVVGVuB2jabsG0Q\" target=\"_blank\" rel=\"noopener noreferrer nofollow\">Resolu\u00e7\u00e3o 140 \u2013 Elei\u00e7\u00e3o do Diretor do CID (ESPANHOL) 2018<\/a>.<\/li><li><a href=\"https:\/\/drive.google.com\/open?id=1FTxjkZd5xCs2Zzk-WN6e9vCubgZlgiEX\" target=\"_blank\" rel=\"noopener noreferrer nofollow\">Resolu\u00e7\u00e3o 138 \u2013 Substitui\u00e7\u00e3o da Vice-Presid\u00eancia 2018 (ESPANHOL)<\/a>.<\/li><li><a href=\"https:\/\/drive.google.com\/open?id=1jbV6ZFlKzhbR97AuiwB9BKsxisTqWIbf\" target=\"_blank\" rel=\"noopener noreferrer nofollow\">Resolu\u00e7\u00e3o 137 \u2013 2018 JID Execu\u00e7\u00e3o Or\u00e7ament\u00e1ria 2017 (ESPANHOL)<\/a>.<\/li><li><a href=\"https:\/\/drive.google.com\/open?id=1hQ71zeknTFP27QRMJ3OGKNkdtuqYD93V\" target=\"_blank\" rel=\"noopener noreferrer nofollow\">Delibera\u00e7\u00e3o 136 \u2013 Mudan\u00e7a de data da Reuni\u00e3o Ordin\u00e1ria 2018 13971396 \u2013 Ata da Reuni\u00e3o 1396 de 27 de fevereiro de 2018 (ESPANHOL)<\/a>.<\/li><li><a href=\"https:\/\/drive.google.com\/open?id=1J-RVQXqDVXUfM4SucgCQeGZkjoZrs4V9\" target=\"_blank\" rel=\"noopener noreferrer nofollow\">Resolu\u00e7\u00e3o 135 \u2013 Relat\u00f3rio Classe 56 CID 2018 (ESPANHOL)<\/a>.<\/li><li><a href=\"https:\/\/drive.google.com\/open?id=1X4WIXMskiPolzq5SEGnfgJjnLp4PyvuV\" target=\"_blank\" rel=\"noopener noreferrer nofollow\">Resolu\u00e7\u00e3o 134 \u2013 2018 Aprova\u00e7\u00e3o do Relat\u00f3rio Anual JID 2017 (ESPANHOL)<\/a>.<\/li><li><a href=\"https:\/\/drive.google.com\/open?id=1D95khkk-MYYqNnn-pQ824wMQa9VCgU_M\" target=\"_blank\" rel=\"noopener noreferrer nofollow\">Resolu\u00e7\u00e3o 133 \u2013 Cronograma de Planejamento JID 2018 (ESPANHOL)<\/a>.<\/li><li><a href=\"https:\/\/drive.google.com\/open?id=1YpS4IX9YPuXYnYxJVX8-Nbap_9PSfE5R\" target=\"_blank\" rel=\"noopener noreferrer nofollow\">Resolu\u00e7\u00e3o 132 \u2013 Aprova\u00e7\u00e3o do Or\u00e7amento 2018 para \u00d3rg\u00e3os da JID 2018 (ESPANHOL)<\/a>.<\/li><\/ul>\n\n\n<p><\/p>\n\n\n<p>2017<\/p>\n\n\n\n<ul class=\"wp-block-list\"><li><a href=\"https:\/\/drive.google.com\/open?id=0Bx8yHQ_oK0EwV1pUU0QzXzl0SVE\" target=\"_blank\" rel=\"noopener noreferrer nofollow\">Resolu\u00e7\u00e3o n\u00ba 103 \u2013 Parab\u00e9ns ao Vice-Almirante Rios<\/a>.<\/li><li><a href=\"https:\/\/drive.google.com\/open?id=0Bx8yHQ_oK0EwZHVRSUkyUEFDT0U\" target=\"_blank\" rel=\"noopener noreferrer nofollow\">Resolu\u00e7\u00e3o n\u00ba 104 \u2013 Processo de Credenciamento de Programas Acad\u00eamicos do CID<\/a>.<\/li><li><a href=\"https:\/\/drive.google.com\/open?id=0Bx8yHQ_oK0EwNk94eXN0SnVLQm8\" target=\"_blank\" rel=\"noopener noreferrer nofollow\">Resolu\u00e7\u00e3o n\u00ba 105 \u2013 Data de Altera\u00e7\u00e3o 2017 RO 1384<\/a>.<\/li><li><a href=\"https:\/\/drive.google.com\/open?id=0Bx8yHQ_oK0EwNjl1dVEyR2cxcDg\" target=\"_blank\" rel=\"noopener noreferrer nofollow\">Resolu\u00e7\u00e3o n\u00ba 106 \u2013 Per\u00edodo de altera\u00e7\u00e3o de aprova\u00e7\u00e3o de 2017 Estudos principais do CID<\/a>.<\/li><li><a href=\"https:\/\/drive.google.com\/open?id=0Bx8yHQ_oK0EwZGpadF9Da282Q2c\" target=\"_blank\" rel=\"noopener noreferrer nofollow\">Resolu\u00e7\u00e3o n\u00ba 107 \u2013 2017 Aprova\u00e7\u00e3o do relat\u00f3rio IV Trimestre de 2016<\/a>.<\/li><li><a href=\"https:\/\/drive.google.com\/open?id=0Bx8yHQ_oK0EwVzRsek01aEZ2Sms\" target=\"_blank\" rel=\"noopener noreferrer nofollow\">Resolu\u00e7\u00e3o n\u00ba 108 \u2013 Solicita\u00e7\u00e3o de Solicita\u00e7\u00e3o de Or\u00e7amento 2017<\/a>.<\/li><li><a href=\"https:\/\/drive.google.com\/open?id=0Bx8yHQ_oK0EwZTQ0OXNDUTAtRWs\" target=\"_blank\" rel=\"noopener noreferrer nofollow\">Resolu\u00e7\u00e3o n\u00ba 109 \u2013 Aprova\u00e7\u00e3o 2017 do Relat\u00f3rio Anual JID 2016<\/a>.<\/li><li><a href=\"https:\/\/drive.google.com\/open?id=0Bx8yHQ_oK0EwZXd6RDBjQTA3bmc\" target=\"_blank\" rel=\"noopener noreferrer nofollow\">Delibera\u00e7\u00e3o n\u00ba 110 \u2013 Altera\u00e7\u00e3o da Data da Assembleia Ordin\u00e1ria n\u00ba 1.388<\/a>.<\/li><li><a href=\"https:\/\/drive.google.com\/open?id=0Bx8yHQ_oK0EwTGdseGJYZnhfbDg\" target=\"_blank\" rel=\"noopener noreferrer nofollow\">Resolu\u00e7\u00e3o n\u00ba 111 \u2013 Altera\u00e7\u00e3o da Data de In\u00edcio do Per\u00edodo do Chefe de Estudos do CID<\/a>.<\/li><li><a href=\"https:\/\/drive.google.com\/open?id=1UNUByX1Hzu3S6aqW35Ieb3WyGgKVVpdW\" target=\"_blank\" rel=\"noopener noreferrer nofollow\">Resolu\u00e7\u00e3o n\u00ba 112 \u2013 Elei\u00e7\u00e3o do Vice-Presidente CD da JID<\/a>.<\/li><li><a href=\"https:\/\/drive.google.com\/open?id=1fEczzR5u6ReycUvOg1jQ9sy40Z_NZ69h\" target=\"_blank\" rel=\"noopener noreferrer nofollow\">Resolu\u00e7\u00e3o n\u00ba 113 \u2013 Elei\u00e7\u00e3o do Chefe de Estudos do CID<\/a>.<\/li><li><a href=\"https:\/\/drive.google.com\/open?id=1uXvK_eZyeRvp9tYAFf8XWpzjKH2kX-d5\" target=\"_blank\" rel=\"noopener noreferrer nofollow\">Resolu\u00e7\u00e3o n\u00ba 114 \u2013 Reuni\u00e3o do Ord de Inclus\u00e3o \u2013 Apresenta\u00e7\u00e3o do Pres CD da JID<\/a>.<\/li><\/ul>\n\n\n<p><\/p>\n\n\n<p>2016<\/p>\n\n\n\n<ul class=\"wp-block-list\"><li><a href=\"https:\/\/drive.google.com\/open?id=0Bx8yHQ_oK0EwLUxuNk4zWE1hejQ\" target=\"_blank\" rel=\"noopener noreferrer nofollow\">Resolu\u00e7\u00e3o n\u00ba 102 \u2013 Normas Gerais \u2013 Mensagens do Grupo JID<\/a>.<\/li><\/ul>\n\n\n<p><\/p>\n\n\n<p>2015<\/p>\n\n\n\n<ul class=\"wp-block-list\"><li><a href=\"https:\/\/drive.google.com\/open?id=0Bx8yHQ_oK0EwaUJXRWkwYmhsckk\" target=\"_blank\" rel=\"noopener noreferrer nofollow\">68 \u2013 Resolu\u00e7\u00e3o 068-2015 \u2013 Distribui\u00e7\u00e3o Or\u00e7ament\u00e1ria aos \u00d3rg\u00e3os JID para o ano de 2016<\/a>.<\/li><\/ul>\n\n\n<p><\/p>\n\n\n<p>2014<\/p>\n\n\n\n<ul class=\"wp-block-list\"><li><a href=\"https:\/\/drive.google.com\/open?id=0Bx8yHQ_oK0EwWmw5NjhHLVotMXM\" target=\"_blank\" rel=\"noopener noreferrer nofollow\">27 \u2013 Resolu\u00e7\u00e3o 027-2014 \u2013 Aprova\u00e7\u00e3o de mandato para desenvolver planejamento estrat\u00e9gico JID<\/a>.<\/li><\/ul>\n\n\n<p><\/p>\n\n\n<p>2013<\/p>\n\n\n\n<ul class=\"wp-block-list\"><li><a href=\"https:\/\/drive.google.com\/open?id=0Bx8yHQ_oK0EwVi14NWU1Umtaek0\" class=\"ek-link\" target=\"_blank\" rel=\"noopener noreferrer nofollow\">07 \u2013 Resolu\u00e7\u00e3o 007-2013 \u2013 Altera\u00e7\u00e3o n\u00ba 1 do Regulamento e Ratifica\u00e7\u00e3o das Regras de Ordem e das Normas do Protocolo<\/a>.<\/li><\/ul>","protected":false},"excerpt":{"rendered":"<p>2023 Resolu\u00e7\u00e3o 253-2023 (Concess\u00e3o da Medalha da Junta Interamericana de Defesa \u00e0 Sra. Karen Vargas Cifuentes, Chefe da Unidade de Opera\u00e7\u00f5es Integradas do Programa de A\u00e7\u00e3o Integral contra Minas Antipessoal) Resolu\u00e7\u00e3o 252-2023 (Aprova\u00e7\u00e3o da Recomenda\u00e7\u00e3o para a Atualiza\u00e7\u00e3o da situa\u00e7\u00e3o geral da Defesa Interamericana relativa ao credenciamento de observadores permanentes) Resolu\u00e7\u00e3o 250-2023 (Aprova\u00e7\u00e3o do [\u2026]<\/p>","protected":false},"author":28,"featured_media":0,"parent":0,"menu_order":0,"comment_status":"closed","ping_status":"closed","template":"","meta":{"footnotes":""},"class_list":["post-2466","page","type-page","status-publish","hentry"],"_links":{"self":[{"href":"https:\/\/jid.org\/pt\/wp-json\/wp\/v2\/pages\/2466","targetHints":{"allow":["GET"]}}],"collection":[{"href":"https:\/\/jid.org\/pt\/wp-json\/wp\/v2\/pages"}],"about":[{"href":"https:\/\/jid.org\/pt\/wp-json\/wp\/v2\/types\/page"}],"author":[{"embeddable":true,"href":"https:\/\/jid.org\/pt\/wp-json\/wp\/v2\/users\/28"}],"replies":[{"embeddable":true,"href":"https:\/\/jid.org\/pt\/wp-json\/wp\/v2\/comments?post=2466"}],"version-history":[{"count":7,"href":"https:\/\/jid.org\/pt\/wp-json\/wp\/v2\/pages\/2466\/revisions"}],"predecessor-version":[{"id":38091,"href":"https:\/\/jid.org\/pt\/wp-json\/wp\/v2\/pages\/2466\/revisions\/38091"}],"wp:attachment":[{"href":"https:\/\/jid.org\/pt\/wp-json\/wp\/v2\/media?parent=2466"}],"curies":[{"name":"wp","href":"https:\/\/api.w.org\/{rel}","templated":true}]}}